{"id":2,"date":"2015-11-26T08:34:05","date_gmt":"2015-11-26T07:34:05","guid":{"rendered":"https:\/\/stlouisdemontfort-lachevroliere.fr\/?page_id=2"},"modified":"2026-09-04T14:33:32","modified_gmt":"2026-09-04T13:33:32","slug":"accueil","status":"publish","type":"page","link":"https:\/\/stlouisdemontfort-lachevroliere.fr\/","title":{"rendered":"Accueil"},"content":{"rendered":"<div id=\"pl-2\"  class=\"panel-layout\" ><div id=\"pg-2-0\"  class=\"panel-grid panel-no-style\" ><div id=\"pgc-2-0-0\"  class=\"panel-grid-cell\" ><div id=\"panel-2-0-0-0\" class=\"so-panel widget widget_sow-editor panel-first-child panel-last-child\" data-index=\"0\" ><div class=\"panel-widget-style panel-widget-style-for-2-0-0-0\" ><div\n\t\t\t\n\t\t\tclass=\"so-widget-sow-editor so-widget-sow-editor-base\"\n\t\t\t\n\t\t><h3 class=\"widget-title\">ACTUALITE<\/h3>\n<div class=\"siteorigin-widget-tinymce textwidget\">\n\t<p><strong>Un nouveau projet d'\u00e9cole ax\u00e9 sur le langage.<\/strong><\/p>\n<p>D\u00e8s la rentr\u00e9e, l'\u00e9quipe p\u00e9dagogique d\u00e9marrera la deuxi\u00e8me phase de son&nbsp; projet d'\u00e9cole pr\u00e9vu sur trois ann\u00e9es.<\/p>\n<p>Il s'intitule : <strong>\u00ab Le langage dans tous ses \u00e9tats \u00bb.<\/strong><\/p>\n<p>Trois axes seront mis en avant durant ces trois ann\u00e9es.<\/p>\n<p>&nbsp; &nbsp; &nbsp; &nbsp; Ann\u00e9e 2025\/2026 : Langage oral et langage \u00e9crit<\/p>\n<p>&nbsp;&nbsp;&nbsp;&nbsp;&nbsp;&nbsp;&nbsp; Ann\u00e9e 2026\/2027 : Langage math\u00e9matique et scientifique<\/p>\n<p>&nbsp;&nbsp;&nbsp;&nbsp;&nbsp;&nbsp;&nbsp; Ann\u00e9e 2027\/2028 : Langage du corps et langage artistique<\/p>\n<p>Cette ann\u00e9e, les math\u00e9matiques et les sciences seront donc au c\u0153ur de micro-projets v\u00e9cus au sein des diff\u00e9rentes classes.<\/p>\n<p>Le projet \"Montfort dehors\" prendra tout son sens avec des observations et exp\u00e9riences \u00e0 l'ext\u00e9rieur en communion avec la nature.&nbsp;<\/p>\n<p>L'\u00e9tablissement s'est aussi lanc\u00e9 dans une d\u00e9marche de labellisation et a obtenu le niveau 2. L'\u00e9quipe poursuit ses d\u00e9marches autour d'un projet \u00e0 l'international.<\/p>\n<p>Vous pourrez suivre l'avanc\u00e9e de tous ces projets tout au long de l'ann\u00e9e.<\/p>\n<p>Fran\u00e7ois Rivi\u00e8re<\/p>\n<p>&nbsp;<\/p>\n<p>&nbsp;<\/p>\n<\/div>\n<\/div><\/div><\/div><\/div><div id=\"pgc-2-0-1\"  class=\"panel-grid-cell\" ><div id=\"panel-2-0-1-0\" class=\"so-panel widget widget_sow-editor panel-first-child panel-last-child\" data-index=\"1\" ><div class=\"panel-widget-style panel-widget-style-for-2-0-1-0\" ><div\n\t\t\t\n\t\t\tclass=\"so-widget-sow-editor so-widget-sow-editor-base\"\n\t\t\t\n\t\t><h3 class=\"widget-title\">A VOS AGENDAS<\/h3>\n<div class=\"siteorigin-widget-tinymce textwidget\">\n\t<p style=\"text-align: center;\"><strong>Quelques dates \u00e0 retenir<\/strong><\/p>\n<p><strong>Vendredi 28 ao\u00fbt 2026<\/strong>&nbsp;: porte ouverte pour les PS, MS, CP et nouveaux \u00e9l\u00e8ves<\/p>\n<p><strong>Lundi 31 Ao\u00fbt 2026<\/strong>&nbsp;: rentr\u00e9e des \u00e9l\u00e8ves Saint-Louis de Montfort<\/p>\n<p><strong>Jeudi 8 et vendredi 9 octobre<\/strong> : photos scolaires<\/p>\n<p><strong>Vendredi 2 octobre<\/strong> : cross du coll\u00e8ge Lamorici\u00e8re avec les CM2<\/p>\n<p><strong>Mardi 10 novembre<\/strong> : premier conseil d'\u00e9tablissement avec les d\u00e9l\u00e9gu\u00e9s de l'\u00e9cole<\/p>\n<p><strong>Samedi 28 novembre<\/strong> : <strong>matin\u00e9e porte ouverte pour les nouvelles familles 9h30\/11h30<\/strong><\/p>\n<p><strong>Mardi 1er d\u00e9cembre<\/strong> : spectacle de No\u00ebl<\/p>\n<p><strong>Vendredi 11 d\u00e9cembre<\/strong> : march\u00e9 de No\u00ebl<\/p>\n<p><strong>&nbsp;d\u00e9cembre<\/strong> : c\u00e9l\u00e9bration de No\u00ebl<\/p>\n<p><strong>Lundi 15 f\u00e9vrier<\/strong> : deuxi\u00e8me conseil d'\u00e9tablissement avec les d\u00e9l\u00e9gu\u00e9s de l'\u00e9cole<\/p>\n<p><strong>Samedi 3 avril<\/strong> : march\u00e9 de printemps, classe le matin<\/p>\n<p><strong>Lundi 12 avril<\/strong>: 3 \u00e8me conseil d'\u00e9tablissement avec les d\u00e9l\u00e9gu\u00e9s&nbsp;<\/p>\n<p><strong>Du lundi 10 mai au vendredi 14 mai <\/strong>: classe poney-magie des GS<\/p>\n<p><strong>Mercredi 19 Mai<\/strong> : classe le matin 8h45\/12h<\/p>\n<p><strong>Vendredi 4 juin<\/strong> : journ\u00e9e handi-sport<\/p>\n<p><strong>Samedi 12 juin<\/strong> : kermesse<\/p>\n<p><strong>Du mardi 22 juin au vendredi 25 juin <\/strong>: classe de mer des CP<\/p>\n<p><strong>Vendredi 2 juillet<\/strong> : vacances scolaires<\/p>\n<p>&nbsp;<\/p>\n<\/div>\n<\/div><\/div><\/div><\/div><div id=\"pgc-2-0-2\"  class=\"panel-grid-cell\" ><div id=\"panel-2-0-2-0\" class=\"so-panel widget widget_sow-editor panel-first-child panel-last-child\" data-index=\"2\" ><div class=\"panel-widget-style panel-widget-style-for-2-0-2-0\" ><div\n\t\t\t\n\t\t\tclass=\"so-widget-sow-editor so-widget-sow-editor-base\"\n\t\t\t\n\t\t><h3 class=\"widget-title\">DEMARCHES ADMINISTRATIVES ET INSCRIPTIONS<\/h3>\n<div class=\"siteorigin-widget-tinymce textwidget\">\n\t<p style=\"text-align: center;\"><span style=\"color: #99cc00;\"><strong>DEMARCHES ADMINISTRATIVES<\/strong><\/span><\/p>\n<p>Pour toute question, Mme Nadine B\u00e9thus vous accueille au secr\u00e9tariat le lundi, mardi, jeudi et vendredi de 8H00 \u00e0 12H30 et de 13H30 \u00e0 16H20.<\/p>\n<p style=\"text-align: center;\"><span style=\"color: #99cc00;\"><strong>INSCRIPTIONS 2027\/2028<\/strong><\/span><\/p>\n<p>Si vous souhaitez inscrire votre enfant dans l'\u00e9tablissement pour la prochaine rentr\u00e9e de septembre 2027, n'h\u00e9sitez pas \u00e0 prendre rendez-vous avec le directeur au 0240313064. Lors de cette rencontre, le fonctionnement de l'\u00e9cole vous sera pr\u00e9sent\u00e9 et vous pourrez visiter les lieux avec votre enfant.<\/p>\n<p>Le livret de famille, un RIB et le carnet de sant\u00e9 de votre enfant, sont n\u00e9cessaires \u00e0 l'inscription.<\/p>\n<p><strong>Une date \u00e0 retenir d\u00e8s \u00e0 pr\u00e9sent : la porte ouverte de l'\u00e9tablissement du samedi matin 28 novembre 2026 pour toutes les nouvelles familles 9h30\/11h30.<\/strong><\/p>\n<p>&nbsp;<\/p>\n<p style=\"text-align: center;\"><a href=\"https:\/\/stlouisdemontfort-lachevroliere.fr\/?page_id=245\">en savoir plus<\/a><\/p>\n<p style=\"text-align: center;\">&nbsp;<\/p>\n<div id=\"sconnect-is-installed\" style=\"display: none;\">&nbsp;<\/div>\n<\/div>\n<\/div><\/div><\/div><\/div><\/div><div id=\"pg-2-1\"  class=\"panel-grid panel-no-style\" ><div id=\"pgc-2-1-0\"  class=\"panel-grid-cell\" ><div id=\"panel-2-1-0-0\" class=\"so-panel widget widget_sow-editor panel-first-child panel-last-child\" data-index=\"3\" ><div\n\t\t\t\n\t\t\tclass=\"so-widget-sow-editor so-widget-sow-editor-base\"\n\t\t\t\n\t\t>\n<div class=\"siteorigin-widget-tinymce textwidget\">\n\t<h1 style=\"text-align: center;\">Bienvenue sur le site de<\/h1>\n<h1 style=\"text-align: center;\">l'\u00e9cole Saint Louis de Montfort<\/h1>\n<h1 style=\"text-align: center;\">La Chevroli\u00e8re<\/h1><\/div>\n<\/div><\/div><\/div><\/div><\/div>","protected":false},"excerpt":{"rendered":"<p>Un nouveau projet d&rsquo;\u00e9cole ax\u00e9 sur le langage. D\u00e8s la rentr\u00e9e, l&rsquo;\u00e9quipe p\u00e9dagogique d\u00e9marrera la deuxi\u00e8me phase de son&nbsp; projet d&rsquo;\u00e9cole pr\u00e9vu sur trois ann\u00e9es. Il s&rsquo;intitule : \u00ab Le langage dans tous ses \u00e9tats \u00bb. Trois axes seront mis en avant durant ces trois ann\u00e9es. &nbsp; &nbsp; &nbsp; &nbsp; Ann\u00e9e 2025\/2026 : Langage oral<\/p>\n<p><a href=\"https:\/\/stlouisdemontfort-lachevroliere.fr\/\" class=\"more-link themebutton\">Lire la suite<\/a><\/p>\n","protected":false},"author":1,"featured_media":0,"parent":0,"menu_order":0,"comment_status":"closed","ping_status":"closed","template":"","meta":{"ngg_post_thumbnail":0,"footnotes":""},"_links":{"self":[{"href":"https:\/\/stlouisdemontfort-lachevroliere.fr\/index.php?rest_route=\/wp\/v2\/pages\/2"}],"collection":[{"href":"https:\/\/stlouisdemontfort-lachevroliere.fr\/index.php?rest_route=\/wp\/v2\/pages"}],"about":[{"href":"https:\/\/stlouisdemontfort-lachevroliere.fr\/index.php?rest_route=\/wp\/v2\/types\/page"}],"author":[{"embeddable":true,"href":"https:\/\/stlouisdemontfort-lachevroliere.fr\/index.php?rest_route=\/wp\/v2\/users\/1"}],"replies":[{"embeddable":true,"href":"https:\/\/stlouisdemontfort-lachevroliere.fr\/index.php?rest_route=%2Fwp%2Fv2%2Fcomments&post=2"}],"version-history":[{"count":75,"href":"https:\/\/stlouisdemontfort-lachevroliere.fr\/index.php?rest_route=\/wp\/v2\/pages\/2\/revisions"}],"predecessor-version":[{"id":16834,"href":"https:\/\/stlouisdemontfort-lachevroliere.fr\/index.php?rest_route=\/wp\/v2\/pages\/2\/revisions\/16834"}],"wp:attachment":[{"href":"https:\/\/stlouisdemontfort-lachevroliere.fr\/index.php?rest_route=%2Fwp%2Fv2%2Fmedia&parent=2"}],"curies":[{"name":"wp","href":"https:\/\/api.w.org\/{rel}","templated":true}]}}